{"id":6565,"date":"2017-11-21T22:15:11","date_gmt":"2017-11-21T22:15:11","guid":{"rendered":"http:\/\/www.ozarquitectura.com\/website\/?page_id=6565"},"modified":"2018-01-29T18:30:47","modified_gmt":"2018-01-29T18:30:47","slug":"estudio","status":"publish","type":"page","link":"http:\/\/www.ozarquitectura.com\/website\/estudio\/","title":{"rendered":"mi estudio"},"content":{"rendered":"<p>[vc_row content_width=\u00bbgrid\u00bb][vc_column]<div class=\"edgtf-elements-holder edgtf-two-columns edgtf-responsive-mode-1024\" ><div class=\"edgtf-elements-holder-item \"  >\n\t\t<div class=\"edgtf-elements-holder-item-inner\">\n\t\t<div class=\"edgtf-elements-holder-item-content edgtf-elements-holder-custom-701657\" >\n\t\t\t\t\t\t<style type=\"text\/css\" data-type=\"edgtf-elements-custom-padding\" scoped>\n\t\t\t\t\t\t\t\t\t\t\t\t\t\t\t\t\t@media only screen and (min-width: 768px) and (max-width: 1024px) {\n\t\t\t\t\t\t.edgtf-elements-holder-item-content.edgtf-elements-holder-custom-701657 {\n\t\t\t\t\t\t\tpadding: 0px 20px 50px 20px !important;\n\t\t\t\t\t\t}\n\t\t\t\t\t}\n\t\t\t\t\t\t\t\t\t\t\t\t\t@media only screen and (min-width: 600px) and (max-width: 768px) {\n\t\t\t\t\t\t.edgtf-elements-holder-item-content.edgtf-elements-holder-custom-701657 {\n\t\t\t\t\t\t\tpadding: 0px 20px 50px 20px !important;\n\t\t\t\t\t\t}\n\t\t\t\t\t}\n\t\t\t\t\t\t\t\t\t\t\t\t\t@media only screen and (min-width: 480px) and (max-width: 600px) {\n\t\t\t\t\t\t.edgtf-elements-holder-item-content.edgtf-elements-holder-custom-701657 {\n\t\t\t\t\t\t\tpadding: 0px 20px 50px 20px !important;\n\t\t\t\t\t\t}\n\t\t\t\t\t}\n\t\t\t\t\t\t\t\t\t\t\t\t\t@media only screen and (max-width: 480px) {\n\t\t\t\t\t\t.edgtf-elements-holder-item-content.edgtf-elements-holder-custom-701657 {\n\t\t\t\t\t\t\tpadding: 0px 20px 50px 20px !important;\n\t\t\t\t\t\t}\n\t\t\t\t\t}\n\t\t\t\t\t\t\t\t<\/style>\n\t\t\t\t\t\t[vc_column_text]<\/p>\n<h3>Oz Alvarez Rojas<\/h3>\n<p>[\/vc_column_text][vc_column_text]<span style=\"font-size: 14px;\">Arquitecto de la Facultad de Arquitectura, Dise\u00f1o y Urbanismo &#8211; UBA<\/span>[\/vc_column_text][vc_empty_space height=\u00bb22px\u00bb]<div class=\"edgtf-separator-holder clearfix  edgtf-separator-left\">\n\t<div class=\"edgtf-separator\" style=\"border-color: #303030;border-style: solid;width: 19%;border-bottom-width: 2px\"><\/div>\n<\/div>\n[vc_empty_space height=\u00bb12px\u00bb][vc_column_text]<\/p>\n<p class=\"p1\"><span class=\"s1\">El dise\u00f1o visto como valor agregado en espacios de exposici\u00f3n, comerciales, culturales, sociales, edificios de viviendas, en todo hay dise\u00f1o, no importa la escala, desde una silla hasta un centro cultural, todo forma parte de una cultura productora de valores, de una est\u00e9tica, de una manera de mirar el mundo que nos rodea, colaborar a que eso ocurra de manera masiva es la tarea que me gusta desempe\u00f1ar.<\/span><\/p>\n<p>[\/vc_column_text][vc_empty_space height=\u00bb12px\u00bb]<div class=\"edgtf-separator-holder clearfix  edgtf-separator-left\">\n\t<div class=\"edgtf-separator\" style=\"border-color: #303030;border-style: solid;width: 19%;border-bottom-width: 2px\"><\/div>\n<\/div>\n[vc_column_text]<\/p>\n<div>\n    <span class=\"edgtf-icon-shortcode normal\" style=\"margin: 0 3px 0 3px\" data-hover-color=\"#000000\" data-color=\"#303030\">\n                    <a href=\"https:\/\/www.facebook.com\/oz.alvarezrojas\" target=\"_blank\" >\n        \n        <span aria-hidden=\"true\" class=\"edgtf-icon-font-elegant social_facebook edgtf-icon-element\" style=\"color: #303030;font-size:15px\" ><\/span>\n                    <\/a>\n            <\/span>\n\n<div class=\"edgtf-separator-holder clearfix  edgtf-separator-inline edgtf-separator-center\">\n\t<div class=\"edgtf-separator\" style=\"border-color: #303030;width: 10px;border-bottom-width: 2px\"><\/div>\n<\/div>\n\n    <span class=\"edgtf-icon-shortcode normal\" style=\"margin: 0 0 0 5px\" data-hover-color=\"#000000\" data-color=\"#303030\">\n                    <a href=\"https:\/\/www.instagram.com\/ozalvarezrojas\/\" target=\"_blank\" >\n        \n        <span aria-hidden=\"true\" class=\"edgtf-icon-font-elegant social_instagram edgtf-icon-element\" style=\"color: #303030;font-size:15px\" ><\/span>\n                    <\/a>\n            <\/span>\n\n<\/div>\n<p>[\/vc_column_text][vc_empty_space height=\u00bb12px\u00bb]<div class=\"edgtf-icon-list-item\">\n\t<div class=\"edgtf-icon-list-icon-holder\">\n        <div class=\"edgtf-icon-list-icon-holder-inner clearfix\">\n\t\t\t<i class=\"edgtf-icon-font-awesome fa fa-phone \" style=\"color:#303030\" ><\/i>\t\t<\/div>\n\t<\/div>\n\t<p class=\"edgtf-icon-list-text\" style=\"color:#303030\" > +5411.4945.1858<\/p>\n<\/div><div class=\"edgtf-icon-list-item\">\n\t<div class=\"edgtf-icon-list-icon-holder\">\n        <div class=\"edgtf-icon-list-icon-holder-inner clearfix\">\n\t\t\t<i class=\"edgtf-icon-font-awesome fa fa-envelope-o \" style=\"color:#303030\" ><\/i>\t\t<\/div>\n\t<\/div>\n\t<p class=\"edgtf-icon-list-text\" style=\"color:#303030\" > estudio@ozarquitectura.com<\/p>\n<\/div><div class=\"edgtf-icon-list-item\">\n\t<div class=\"edgtf-icon-list-icon-holder\">\n        <div class=\"edgtf-icon-list-icon-holder-inner clearfix\">\n\t\t\t<i class=\"edgtf-icon-font-awesome fa fa-home \" style=\"color:#303030\" ><\/i>\t\t<\/div>\n\t<\/div>\n\t<p class=\"edgtf-icon-list-text\" style=\"color:#303030\" > Monse\u00f1or Zazpe 3134 - CABA<\/p>\n<\/div>\t\t<\/div>\n\t<\/div>\n\t<\/div><div class=\"edgtf-elements-holder-item \"  >\n\t\t<div class=\"edgtf-elements-holder-item-inner\">\n\t\t<div class=\"edgtf-elements-holder-item-content edgtf-elements-holder-custom-280990\" >\n\t\t\t\t\t\t[vc_single_image image=\u00bb6796&#8243; img_size=\u00bb359&#215;550&#8243; alignment=\u00bbcenter\u00bb]\t\t<\/div>\n\t<\/div>\n\t<\/div><\/div><div class=\"edgtf-elements-holder edgtf-responsive-mode-768\" ><div class=\"edgtf-elements-holder-item \"  >\n\t\t<div class=\"edgtf-elements-holder-item-inner\">\n\t\t<div class=\"edgtf-elements-holder-item-content edgtf-elements-holder-custom-522717\" >\n\t\t\t\t\t\t[vc_empty_space height=\u00bb70px\u00bb]\t\t<\/div>\n\t<\/div>\n\t<\/div><\/div>[\/vc_column][\/vc_row][vc_row][vc_column]<div class=\"edgtf-google-map-holder\">\n\t<div class=\"edgtf-google-map\" id=\"edgtf-map-1341690\" data-addresses='[\"monse\u00f1or zazpe 3134, caba\"]' data-custom-map-style=no data-color-overlay=#393939 data-saturation=-100 data-lightness=-60 data-zoom=14 data-pin=http:\/\/www.ozarquitectura.com\/website\/wp-content\/uploads\/2017\/08\/icon_pin.png data-unique-id=1341690 data-scroll-wheel=false data-height=450 data-predefined-style=yes><\/div>\n\t\t\t<div class=\"edgtf-google-map-overlay\"><\/div>\n\t<\/div>\n[\/vc_column][\/vc_row][vc_row disable_element=\u00bbyes\u00bb content_width=\u00bbgrid\u00bb css=\u00bb.vc_custom_1514066191316{padding-top: 100px !important;}\u00bb][vc_column width=\u00bb1\/2&#8243;]<div class=\"edgtf-elements-holder edgtf-two-columns edgtf-responsive-mode-1024\" ><div class=\"edgtf-elements-holder-item \"  >\n\t\t<div class=\"edgtf-elements-holder-item-inner\">\n\t\t<div class=\"edgtf-elements-holder-item-content edgtf-elements-holder-custom-862449\" >\n\t\t\t\t\t\t[vc_single_image image=\u00bb6611&#8243; img_size=\u00bb567\u00d7387&#8243;]\t\t<\/div>\n\t<\/div>\n\t<\/div><\/div>[\/vc_column][vc_column width=\u00bb1\/2&#8243;]<div class=\"edgtf-elements-holder edgtf-responsive-mode-768\" ><div class=\"edgtf-elements-holder-item \"  >\n\t\t<div class=\"edgtf-elements-holder-item-inner\">\n\t\t<div class=\"edgtf-elements-holder-item-content edgtf-elements-holder-custom-435451\" >\n\t\t\t\t\t\t<style type=\"text\/css\" data-type=\"edgtf-elements-custom-padding\" scoped>\n\t\t\t\t\t\t\t\t\t\t\t\t\t\t\t\t\t@media only screen and (min-width: 768px) and (max-width: 1024px) {\n\t\t\t\t\t\t.edgtf-elements-holder-item-content.edgtf-elements-holder-custom-435451 {\n\t\t\t\t\t\t\tpadding: 0px 20px 50px 20px !important;\n\t\t\t\t\t\t}\n\t\t\t\t\t}\n\t\t\t\t\t\t\t\t\t\t\t\t\t@media only screen and (min-width: 600px) and (max-width: 768px) {\n\t\t\t\t\t\t.edgtf-elements-holder-item-content.edgtf-elements-holder-custom-435451 {\n\t\t\t\t\t\t\tpadding: 0px 20px 50px 20px !important;\n\t\t\t\t\t\t}\n\t\t\t\t\t}\n\t\t\t\t\t\t\t\t\t\t\t\t\t@media only screen and (min-width: 480px) and (max-width: 600px) {\n\t\t\t\t\t\t.edgtf-elements-holder-item-content.edgtf-elements-holder-custom-435451 {\n\t\t\t\t\t\t\tpadding: 0px 20px 50px 20px !important;\n\t\t\t\t\t\t}\n\t\t\t\t\t}\n\t\t\t\t\t\t\t\t\t\t\t\t\t@media only screen and (max-width: 480px) {\n\t\t\t\t\t\t.edgtf-elements-holder-item-content.edgtf-elements-holder-custom-435451 {\n\t\t\t\t\t\t\tpadding: 0px 20px 50px 20px !important;\n\t\t\t\t\t\t}\n\t\t\t\t\t}\n\t\t\t\t\t\t\t\t<\/style>\n\t\t\t\t\t\t[vc_column_text]<\/p>\n<h4>CPAU \u2013 medianeras<\/h4>\n<p>Primer premio &#8211; 2014[\/vc_column_text][vc_empty_space height=\u00bb22px\u00bb]<div class=\"edgtf-separator-holder clearfix  edgtf-separator-left\">\n\t<div class=\"edgtf-separator\" style=\"border-color: #303030;border-style: solid;width: 19%;border-bottom-width: 2px\"><\/div>\n<\/div>\n[vc_empty_space height=\u00bb12px\u00bb][vc_column_text]<\/p>\n<p class=\"p1\"><span class=\"s1\">Concurso organizado por el Consejo Profesional de Arquitectura y Urbanismo. El tema propuesto por el mismo consist\u00eda en hacer propuestas con las medianeras en CABA. La propuesta ganadora recay\u00f3 en la enviada por este estudio, la misma consiste en una cr\u00edtica a la especulaci\u00f3n inmobiliaria que determinados actores del sector hacen en la ciudad, para ello se utiliz\u00f3 la langosta como veh\u00edculo metaf\u00f3rico para cristalizar el concepto.<\/span><\/p>\n<p>[\/vc_column_text][vc_empty_space height=\u00bb12px\u00bb]<div class=\"edgtf-separator-holder clearfix  edgtf-separator-left\">\n\t<div class=\"edgtf-separator\" style=\"border-color: #303030;border-style: solid;width: 19%;border-bottom-width: 2px\"><\/div>\n<\/div>\n\t\t<\/div>\n\t<\/div>\n\t<\/div><\/div>[\/vc_column][\/vc_row][vc_row disable_element=\u00bbyes\u00bb content_width=\u00bbgrid\u00bb css=\u00bb.vc_custom_1514066184939{padding-top: 100px !important;}\u00bb][vc_column width=\u00bb1\/2&#8243;]<div class=\"edgtf-elements-holder edgtf-two-columns edgtf-responsive-mode-1024\" ><div class=\"edgtf-elements-holder-item \"  >\n\t\t<div class=\"edgtf-elements-holder-item-inner\">\n\t\t<div class=\"edgtf-elements-holder-item-content edgtf-elements-holder-custom-421644\" >\n\t\t\t\t\t\t[vc_single_image image=\u00bb6610&#8243; img_size=\u00bb567\u00d7387&#8243;]\t\t<\/div>\n\t<\/div>\n\t<\/div><\/div>[\/vc_column][vc_column width=\u00bb1\/2&#8243;]<div class=\"edgtf-elements-holder edgtf-responsive-mode-768\" ><div class=\"edgtf-elements-holder-item \"  >\n\t\t<div class=\"edgtf-elements-holder-item-inner\">\n\t\t<div class=\"edgtf-elements-holder-item-content edgtf-elements-holder-custom-309728\" >\n\t\t\t\t\t\t<style type=\"text\/css\" data-type=\"edgtf-elements-custom-padding\" scoped>\n\t\t\t\t\t\t\t\t\t\t\t\t\t\t\t\t\t@media only screen and (min-width: 768px) and (max-width: 1024px) {\n\t\t\t\t\t\t.edgtf-elements-holder-item-content.edgtf-elements-holder-custom-309728 {\n\t\t\t\t\t\t\tpadding: 0px 20px 50px 20px !important;\n\t\t\t\t\t\t}\n\t\t\t\t\t}\n\t\t\t\t\t\t\t\t\t\t\t\t\t@media only screen and (min-width: 600px) and (max-width: 768px) {\n\t\t\t\t\t\t.edgtf-elements-holder-item-content.edgtf-elements-holder-custom-309728 {\n\t\t\t\t\t\t\tpadding: 0px 20px 50px 20px !important;\n\t\t\t\t\t\t}\n\t\t\t\t\t}\n\t\t\t\t\t\t\t\t\t\t\t\t\t@media only screen and (min-width: 480px) and (max-width: 600px) {\n\t\t\t\t\t\t.edgtf-elements-holder-item-content.edgtf-elements-holder-custom-309728 {\n\t\t\t\t\t\t\tpadding: 0px 20px 50px 20px !important;\n\t\t\t\t\t\t}\n\t\t\t\t\t}\n\t\t\t\t\t\t\t\t\t\t\t\t\t@media only screen and (max-width: 480px) {\n\t\t\t\t\t\t.edgtf-elements-holder-item-content.edgtf-elements-holder-custom-309728 {\n\t\t\t\t\t\t\tpadding: 0px 20px 50px 20px !important;\n\t\t\t\t\t\t}\n\t\t\t\t\t}\n\t\t\t\t\t\t\t\t<\/style>\n\t\t\t\t\t\t[vc_column_text]<\/p>\n<h4>CAC \u2013 C\u00e1mara Argentina de la Construcci\u00f3n<\/h4>\n<p>Menci\u00f3n &#8211; 2013[\/vc_column_text][vc_empty_space height=\u00bb22px\u00bb]<div class=\"edgtf-separator-holder clearfix  edgtf-separator-left\">\n\t<div class=\"edgtf-separator\" style=\"border-color: #303030;border-style: solid;width: 19%;border-bottom-width: 2px\"><\/div>\n<\/div>\n[vc_empty_space height=\u00bb12px\u00bb][vc_column_text]<\/p>\n<p class=\"p1\"><span class=\"s1\">Concurso destinado a remodelar el edificio de la CAC, tanto en su fachada como su hall. La idea del estudio consisti\u00f3 b\u00e1sicamente en ordenar la multitud de split diseminados en la fachada y que sus vinculaciones con las unidades interiores quede acentuada en la fachada con conductos de color que por la noche se iluminan. El hall se trat\u00f3 con la est\u00e9tica de la obra en construcci\u00f3n. El env\u00edo obtuvo una menci\u00f3n.<\/span><\/p>\n<p>[\/vc_column_text][vc_empty_space height=\u00bb12px\u00bb]<div class=\"edgtf-separator-holder clearfix  edgtf-separator-left\">\n\t<div class=\"edgtf-separator\" style=\"border-color: #303030;border-style: solid;width: 19%;border-bottom-width: 2px\"><\/div>\n<\/div>\n\t\t<\/div>\n\t<\/div>\n\t<\/div><\/div>[\/vc_column][\/vc_row][vc_row disable_element=\u00bbyes\u00bb content_width=\u00bbgrid\u00bb css=\u00bb.vc_custom_1514066178990{padding-top: 100px !important;}\u00bb][vc_column width=\u00bb1\/2&#8243;]<div class=\"edgtf-elements-holder edgtf-two-columns edgtf-responsive-mode-1024\" ><div class=\"edgtf-elements-holder-item \"  >\n\t\t<div class=\"edgtf-elements-holder-item-inner\">\n\t\t<div class=\"edgtf-elements-holder-item-content edgtf-elements-holder-custom-734740\" >\n\t\t\t\t\t\t[vc_single_image image=\u00bb6462&#8243; img_size=\u00bb567\u00d7387&#8243;]\t\t<\/div>\n\t<\/div>\n\t<\/div><\/div>[\/vc_column][vc_column width=\u00bb1\/2&#8243;]<div class=\"edgtf-elements-holder edgtf-responsive-mode-768\" ><div class=\"edgtf-elements-holder-item \"  >\n\t\t<div class=\"edgtf-elements-holder-item-inner\">\n\t\t<div class=\"edgtf-elements-holder-item-content edgtf-elements-holder-custom-686774\" >\n\t\t\t\t\t\t<style type=\"text\/css\" data-type=\"edgtf-elements-custom-padding\" scoped>\n\t\t\t\t\t\t\t\t\t\t\t\t\t\t\t\t\t@media only screen and (min-width: 768px) and (max-width: 1024px) {\n\t\t\t\t\t\t.edgtf-elements-holder-item-content.edgtf-elements-holder-custom-686774 {\n\t\t\t\t\t\t\tpadding: 0px 20px 50px 20px !important;\n\t\t\t\t\t\t}\n\t\t\t\t\t}\n\t\t\t\t\t\t\t\t\t\t\t\t\t@media only screen and (min-width: 600px) and (max-width: 768px) {\n\t\t\t\t\t\t.edgtf-elements-holder-item-content.edgtf-elements-holder-custom-686774 {\n\t\t\t\t\t\t\tpadding: 0px 20px 50px 20px !important;\n\t\t\t\t\t\t}\n\t\t\t\t\t}\n\t\t\t\t\t\t\t\t\t\t\t\t\t@media only screen and (min-width: 480px) and (max-width: 600px) {\n\t\t\t\t\t\t.edgtf-elements-holder-item-content.edgtf-elements-holder-custom-686774 {\n\t\t\t\t\t\t\tpadding: 0px 20px 50px 20px !important;\n\t\t\t\t\t\t}\n\t\t\t\t\t}\n\t\t\t\t\t\t\t\t\t\t\t\t\t@media only screen and (max-width: 480px) {\n\t\t\t\t\t\t.edgtf-elements-holder-item-content.edgtf-elements-holder-custom-686774 {\n\t\t\t\t\t\t\tpadding: 0px 20px 50px 20px !important;\n\t\t\t\t\t\t}\n\t\t\t\t\t}\n\t\t\t\t\t\t\t\t<\/style>\n\t\t\t\t\t\t[vc_column_text]<\/p>\n<h4>Casa Todo Obras \u2013 Redise\u00f1o de una casa tradicional<\/h4>\n<p>Primer premio &#8211; 2005[\/vc_column_text][vc_empty_space height=\u00bb22px\u00bb]<div class=\"edgtf-separator-holder clearfix  edgtf-separator-left\">\n\t<div class=\"edgtf-separator\" style=\"border-color: #303030;border-style: solid;width: 19%;border-bottom-width: 2px\"><\/div>\n<\/div>\n[vc_empty_space height=\u00bb12px\u00bb][vc_column_text]<\/p>\n<p class=\"p1\"><span class=\"s1\">El prop\u00f3sito del concurso fue hacer una casa con materiales tradicionales pero con dise\u00f1o no tradicional. Casa para padres y dos hijos. Se pens\u00f3 como partes separadas, hall de acceso, cocina comedor y estar. Cada parte se define as\u00ed misma con un techo pared revestido con tejas tradicionales que cobija las funciones descriptas mas los dormitorios en planta alta. El env\u00edo obtuvo el primer premio.<\/span><\/p>\n<p>[\/vc_column_text][vc_empty_space height=\u00bb12px\u00bb]<div class=\"edgtf-separator-holder clearfix  edgtf-separator-left\">\n\t<div class=\"edgtf-separator\" style=\"border-color: #303030;border-style: solid;width: 19%;border-bottom-width: 2px\"><\/div>\n<\/div>\n\t\t<\/div>\n\t<\/div>\n\t<\/div><\/div>[\/vc_column][\/vc_row][vc_row disable_element=\u00bbyes\u00bb][vc_column][vc_empty_space height=\u00bb70px\u00bb][\/vc_column][\/vc_row][vc_row disable_element=\u00bbyes\u00bb content_width=\u00bbgrid\u00bb css=\u00bb.vc_custom_1514066161177{background-color: #3f3f3f !important;}\u00bb][vc_column]<div class=\"edgtf-elements-holder edgtf-responsive-mode-768\" ><div class=\"edgtf-elements-holder-item \"  >\n\t\t<div class=\"edgtf-elements-holder-item-inner\">\n\t\t<div class=\"edgtf-elements-holder-item-content edgtf-elements-holder-custom-199655\" >\n\t\t\t\t\t\t<style type=\"text\/css\" data-type=\"edgtf-elements-custom-padding\" scoped>\n\t\t\t\t\t\t\t\t\t\t\t\t\t\t\t\t\t@media only screen and (min-width: 768px) and (max-width: 1024px) {\n\t\t\t\t\t\t.edgtf-elements-holder-item-content.edgtf-elements-holder-custom-199655 {\n\t\t\t\t\t\t\tpadding: 0px 20px 50px 20px !important;\n\t\t\t\t\t\t}\n\t\t\t\t\t}\n\t\t\t\t\t\t\t\t\t\t\t\t\t@media only screen and (min-width: 600px) and (max-width: 768px) {\n\t\t\t\t\t\t.edgtf-elements-holder-item-content.edgtf-elements-holder-custom-199655 {\n\t\t\t\t\t\t\tpadding: 0px 20px 50px 20px !important;\n\t\t\t\t\t\t}\n\t\t\t\t\t}\n\t\t\t\t\t\t\t\t\t\t\t\t\t@media only screen and (min-width: 480px) and (max-width: 600px) {\n\t\t\t\t\t\t.edgtf-elements-holder-item-content.edgtf-elements-holder-custom-199655 {\n\t\t\t\t\t\t\tpadding: 0px 20px 50px 20px !important;\n\t\t\t\t\t\t}\n\t\t\t\t\t}\n\t\t\t\t\t\t\t\t\t\t\t\t\t@media only screen and (max-width: 480px) {\n\t\t\t\t\t\t.edgtf-elements-holder-item-content.edgtf-elements-holder-custom-199655 {\n\t\t\t\t\t\t\tpadding: 0px 20px 50px 20px !important;\n\t\t\t\t\t\t}\n\t\t\t\t\t}\n\t\t\t\t\t\t\t\t<\/style>\n\t\t\t\t\t\t[vc_empty_space height=\u00bb70px\u00bb][vc_column_text]<\/p>\n<h5 style=\"text-align: center;\"><span style=\"color: #ffffff;\">Otros premios y menciones<\/span><\/h5>\n<p>[\/vc_column_text][vc_empty_space height=\u00bb22px\u00bb]\t\t<\/div>\n\t<\/div>\n\t<\/div><\/div><div class=\"edgtf-elements-holder edgtf-two-columns edgtf-responsive-mode-768\" ><div class=\"edgtf-elements-holder-item edgtf-vertical-alignment-top\"  >\n\t\t<div class=\"edgtf-elements-holder-item-inner\">\n\t\t<div class=\"edgtf-elements-holder-item-content edgtf-elements-holder-custom-672312\" >\n\t\t\t\t\t\t<div class=\"edgtf-unordered-list  edgtf-line edgtf-animate-list edgtf-hover-list\" >\n<ul style=\"text-align: left; font-size: 15px !important; color: #ffffff;\">\n<li style=\"color: #ffffff;\">1985 <strong>Primer Premio<\/strong> Balnearios La Perla, asoc arq Clorindo Testa, Juan Genoud<\/li>\n<li style=\"color: #ffffff;\">1988 <strong>Primer Premio<\/strong> stand Peugeot, expo Ganader\u00eda e Industria<\/li>\n<li style=\"color: #ffffff;\">1988 <strong>Menci\u00f3n Honor\u00edfica<\/strong> Escultura Objeto S\u00edmbolo Arquitecto de Am\u00e9rica<\/li>\n<li style=\"color: #ffffff;\">1989 <strong>Segundo Premio<\/strong> Plaza de Juegos Medalla de Oro Asociacion Cr\u00edticos de Arte<\/li>\n<li style=\"color: #ffffff;\">1989 <strong>Primer Premio<\/strong> Las Artes en la Ciudad<\/li>\n<li style=\"color: #ffffff;\">1989 <strong>Segundo Premio<\/strong> Dise\u00f1o de Alfombramiento Antron<\/li>\n<li style=\"color: #ffffff;\">1989 <strong>Menci\u00f3n Honor\u00edfica<\/strong> La casa de la Decada del 90<\/li>\n<li style=\"color: #ffffff;\">1990 <strong>Menci\u00f3n Honor\u00edfica<\/strong> afiche La Vivienda Individual SCA<\/li>\n<li style=\"color: #ffffff;\">1990 <strong>Menci\u00f3n Honor\u00edfica<\/strong> afiche Centenario de Van Gogh diario La Nacion<\/li>\n<\/ul>\n<\/div>\t\t<\/div>\n\t<\/div>\n\t<\/div><div class=\"edgtf-elements-holder-item edgtf-vertical-alignment-top\"  >\n\t\t<div class=\"edgtf-elements-holder-item-inner\">\n\t\t<div class=\"edgtf-elements-holder-item-content edgtf-elements-holder-custom-608931\" >\n\t\t\t\t\t\t<div class=\"edgtf-unordered-list  edgtf-line edgtf-animate-list edgtf-hover-list\" >\n<ul style=\"text-align: left; font-size: 15px !important; color: #ffffff;\">\n<li style=\"color: #ffffff;\">1991 <strong>Tercer Premio<\/strong> Refugios Urbanos Vasa cristales<\/li>\n<li style=\"color: #ffffff;\">1991 <strong>Menci\u00f3n Honor\u00edfica<\/strong> La Fachada Olvidada Bipanel<\/li>\n<li style=\"color: #ffffff;\">1991 <strong>Segundo Premio<\/strong> Stand de Iluminaci\u00f3n Osram<\/li>\n<li style=\"color: #ffffff;\">1993 <strong>Primer Premio<\/strong> Plaza Teatro Colon Vasa Cristales<\/li>\n<li style=\"color: #ffffff;\">1994 <strong>Menci\u00f3n Honor\u00edfica<\/strong> La casa del Arquitecto Cronista Comercial<\/li>\n<li style=\"color: #ffffff;\">1994 <strong>Menci\u00f3n Honor\u00edfica<\/strong> Paseo La Explanada FOA Mar del Plata<\/li>\n<li style=\"color: #ffffff;\">1997 <strong>Tercer Premio<\/strong> vidriera Cp67<\/li>\n<li style=\"color: #ffffff;\">2005 Short List tendencias en sanitarios Milan.<\/li>\n<\/ul>\n<\/div>\t\t<\/div>\n\t<\/div>\n\t<\/div><\/div>[vc_empty_space height=\u00bb70px\u00bb][\/vc_column][\/vc_row][vc_row disable_element=\u00bbyes\u00bb css=\u00bb.vc_custom_1512962519463{background-color: #3f3f3f !important;}\u00bb][vc_column width=\u00bb1\/4&#8243;][\/vc_column][vc_column width=\u00bb1\/2&#8243;][vc_empty_space height=\u00bb70px\u00bb][vc_column_text]<\/p>\n<p style=\"text-align: center;\"><span style=\"color: #ffffff;\">completa este formulario para ponerte en contacto<\/span><\/p>\n<p>[\/vc_column_text][vc_empty_space height=\u00bb70px\u00bb]\n<div class=\"wpcf7 no-js\" id=\"wpcf7-f6417-o1\" lang=\"es-ES\" dir=\"ltr\" data-wpcf7-id=\"6417\">\n<div class=\"screen-reader-response\"><p role=\"status\" aria-live=\"polite\" aria-atomic=\"true\"><\/p> <ul><\/ul><\/div>\n<form action=\"\/website\/wp-json\/wp\/v2\/pages\/6565#wpcf7-f6417-o1\" method=\"post\" class=\"wpcf7-form init cf7_custom_style_2\" aria-label=\"Formulario de contacto\" novalidate=\"novalidate\" data-status=\"init\">\n<fieldset class=\"hidden-fields-container\"><input type=\"hidden\" name=\"_wpcf7\" value=\"6417\" \/><input type=\"hidden\" name=\"_wpcf7_version\" value=\"6.1.5\" \/><input type=\"hidden\" name=\"_wpcf7_locale\" value=\"es_ES\" \/><input type=\"hidden\" name=\"_wpcf7_unit_tag\" value=\"wpcf7-f6417-o1\" \/><input type=\"hidden\" name=\"_wpcf7_container_post\" value=\"0\" \/><input type=\"hidden\" name=\"_wpcf7_posted_data_hash\" value=\"\" \/>\n<\/fieldset>\n<p><label> Nombre (requerido)<br \/>\n<span class=\"wpcf7-form-control-wrap\" data-name=\"your-name\"><input size=\"40\" maxlength=\"400\" class=\"wpcf7-form-control wpcf7-text wpcf7-validates-as-required\" aria-required=\"true\" aria-invalid=\"false\" value=\"\" type=\"text\" name=\"your-name\" \/><\/span> <\/label>\n<\/p>\n<p><label> Tu correo electr\u00f3nico (requerido)<br \/>\n<span class=\"wpcf7-form-control-wrap\" data-name=\"your-email\"><input size=\"40\" maxlength=\"400\" class=\"wpcf7-form-control wpcf7-email wpcf7-validates-as-required wpcf7-text wpcf7-validates-as-email\" aria-required=\"true\" aria-invalid=\"false\" value=\"\" type=\"email\" name=\"your-email\" \/><\/span> <\/label>\n<\/p>\n<p><label> Mensaje<br \/>\n<span class=\"wpcf7-form-control-wrap\" data-name=\"your-message\"><textarea cols=\"40\" rows=\"10\" maxlength=\"2000\" class=\"wpcf7-form-control wpcf7-textarea\" aria-invalid=\"false\" name=\"your-message\"><\/textarea><\/span> <\/label>\n<\/p>\n<p><input class=\"wpcf7-form-control wpcf7-submit has-spinner\" type=\"submit\" value=\"Enviar\" \/>\n<\/p><div class=\"wpcf7-response-output\" aria-hidden=\"true\"><\/div>\n<\/form>\n<\/div>\n[vc_empty_space height=\u00bb70px\u00bb][\/vc_column][vc_column width=\u00bb1\/4&#8243;][\/vc_column][\/vc_row]<\/p>\n","protected":false},"excerpt":{"rendered":"<p>[vc_row content_width=\u00bbgrid\u00bb][vc_column][\/vc_column][\/vc_row][vc_row][vc_column][\/vc_column][\/vc_row][vc_row disable_element=\u00bbyes\u00bb content_width=\u00bbgrid\u00bb css=\u00bb.vc_custom_1514066191316{padding-top: 100px !important;}\u00bb][vc_column width=\u00bb1\/2&#8243;][\/vc_column][vc_column width=\u00bb1\/2&#8243;][\/vc_column][\/vc_row][vc_row disable_element=\u00bbyes\u00bb content_width=\u00bbgrid\u00bb css=\u00bb.vc_custom_1514066184939{padding-top: 100px !important;}\u00bb][vc_column width=\u00bb1\/2&#8243;][\/vc_column][vc_column width=\u00bb1\/2&#8243;][\/vc_column][\/vc_row][vc_row disable_element=\u00bbyes\u00bb content_width=\u00bbgrid\u00bb css=\u00bb.vc_custom_1514066178990{padding-top: 100px !important;}\u00bb][vc_column width=\u00bb1\/2&#8243;][\/vc_column][vc_column width=\u00bb1\/2&#8243;][\/vc_column][\/vc_row][vc_row disable_element=\u00bbyes\u00bb][vc_column][vc_empty_space height=\u00bb70px\u00bb][\/vc_column][\/vc_row][vc_row disable_element=\u00bbyes\u00bb content_width=\u00bbgrid\u00bb css=\u00bb.vc_custom_1514066161177{background-color: #3f3f3f !important;}\u00bb][vc_column][vc_empty_space height=\u00bb70px\u00bb][\/vc_column][\/vc_row][vc_row disable_element=\u00bbyes\u00bb css=\u00bb.vc_custom_1512962519463{background-color: #3f3f3f !important;}\u00bb][vc_column width=\u00bb1\/4&#8243;][\/vc_column][vc_column width=\u00bb1\/2&#8243;][vc_empty_space height=\u00bb70px\u00bb][vc_column_text] completa este formulario para ponerte en contacto&#8230;<\/p>\n","protected":false},"author":2,"featured_media":0,"parent":0,"menu_order":0,"comment_status":"closed","ping_status":"closed","template":"full-width.php","meta":{"footnotes":""},"class_list":["post-6565","page","type-page","status-publish","hentry"],"_links":{"self":[{"href":"http:\/\/www.ozarquitectura.com\/website\/wp-json\/wp\/v2\/pages\/6565","targetHints":{"allow":["GET"]}}],"collection":[{"href":"http:\/\/www.ozarquitectura.com\/website\/wp-json\/wp\/v2\/pages"}],"about":[{"href":"http:\/\/www.ozarquitectura.com\/website\/wp-json\/wp\/v2\/types\/page"}],"author":[{"embeddable":true,"href":"http:\/\/www.ozarquitectura.com\/website\/wp-json\/wp\/v2\/users\/2"}],"replies":[{"embeddable":true,"href":"http:\/\/www.ozarquitectura.com\/website\/wp-json\/wp\/v2\/comments?post=6565"}],"version-history":[{"count":43,"href":"http:\/\/www.ozarquitectura.com\/website\/wp-json\/wp\/v2\/pages\/6565\/revisions"}],"predecessor-version":[{"id":6820,"href":"http:\/\/www.ozarquitectura.com\/website\/wp-json\/wp\/v2\/pages\/6565\/revisions\/6820"}],"wp:attachment":[{"href":"http:\/\/www.ozarquitectura.com\/website\/wp-json\/wp\/v2\/media?parent=6565"}],"curies":[{"name":"wp","href":"https:\/\/api.w.org\/{rel}","templated":true}]}}